{"id":2165,"date":"2020-04-30T13:09:22","date_gmt":"2020-04-30T11:09:22","guid":{"rendered":"http:\/\/hotel.vivmail.cz\/?page_id=2165"},"modified":"2020-04-30T13:09:22","modified_gmt":"2020-04-30T11:09:22","slug":"explore-italy","status":"publish","type":"page","link":"https:\/\/marechiaro.net\/en\/explore-italy\/","title":{"rendered":"Explore Italy"},"content":{"rendered":"\t\t<div data-elementor-type=\"wp-post\" data-elementor-id=\"2165\" class=\"elementor elementor-2165\" data-elementor-post-type=\"page\">\n\t\t\t\t\t\t<section class=\"elementor-section elementor-top-section elementor-element elementor-element-c230fd3 elementor-section-boxed elementor-section-height-default elementor-section-height-default\" data-id=\"c230fd3\" data-element_type=\"section\" data-e-type=\"section\">\n\t\t\t\t\t\t<div class=\"elementor-container elementor-column-gap-default\">\n\t\t\t\t\t<div class=\"elementor-column elementor-col-100 elementor-top-column elementor-element elementor-element-1aad598\" data-id=\"1aad598\" data-element_type=\"column\" data-e-type=\"column\">\n\t\t\t<div class=\"elementor-widget-wrap elementor-element-populated\">\n\t\t\t\t\t\t<div class=\"elementor-element elementor-element-8e1d38a elementor-invisible elementor-widget elementor-widget-heading\" data-id=\"8e1d38a\" data-element_type=\"widget\" data-e-type=\"widget\" data-settings=\"{&quot;_animation&quot;:&quot;fadeInUp&quot;}\" data-widget_type=\"heading.default\">\n\t\t\t\t<div class=\"elementor-widget-container\">\n\t\t\t\t\t<h1 class=\"elementor-heading-title elementor-size-default\">About Gargano<\/h1>\t\t\t\t<\/div>\n\t\t\t\t<\/div>\n\t\t\t\t<div class=\"elementor-element elementor-element-4c7cfbb elementor-invisible elementor-widget elementor-widget-text-editor\" data-id=\"4c7cfbb\" data-element_type=\"widget\" data-e-type=\"widget\" data-settings=\"{&quot;_animation&quot;:&quot;fadeInUp&quot;,&quot;_animation_delay&quot;:400}\" data-widget_type=\"text-editor.default\">\n\t\t\t\t<div class=\"elementor-widget-container\">\n\t\t\t\t\t\t\t\t\t<p>Lo sperone d\u2019Italia, un angolo incontaminato della Puglia che ti lascer\u00e0 senza fiato.<\/p>\t\t\t\t\t\t\t\t<\/div>\n\t\t\t\t<\/div>\n\t\t\t\t\t<\/div>\n\t\t<\/div>\n\t\t\t\t\t<\/div>\n\t\t<\/section>\n\t\t\t\t<section class=\"elementor-section elementor-top-section elementor-element elementor-element-af73848 elementor-section-boxed elementor-section-height-default elementor-section-height-default\" data-id=\"af73848\" data-element_type=\"section\" data-e-type=\"section\">\n\t\t\t\t\t\t<div class=\"elementor-container elementor-column-gap-default\">\n\t\t\t\t\t<div class=\"elementor-column elementor-col-100 elementor-top-column elementor-element elementor-element-d27ca97\" data-id=\"d27ca97\" data-element_type=\"column\" data-e-type=\"column\">\n\t\t\t<div class=\"elementor-widget-wrap elementor-element-populated\">\n\t\t\t\t\t\t<div class=\"elementor-element elementor-element-cd0c7fd elementor-invisible elementor-widget elementor-widget-text-editor\" data-id=\"cd0c7fd\" data-element_type=\"widget\" data-e-type=\"widget\" data-settings=\"{&quot;_animation&quot;:&quot;fadeInUp&quot;,&quot;_animation_delay&quot;:1200}\" data-widget_type=\"text-editor.default\">\n\t\t\t\t<div class=\"elementor-widget-container\">\n\t\t\t\t\t\t\t\t\t<p>Il territorio del Gargano \u00e8 estremamente vario e presenta molteplici attrazioni naturalistiche, storiche, culturali e religiose, unite a uno stile di vita unico. Il Gargano non \u00e8 una semplice vacanza, \u00e8 un\u2019esperienza. Per conoscerlo a fondo non basta viverci, ma proviamo a consigliarti i must della nostra terra.<\/p>\t\t\t\t\t\t\t\t<\/div>\n\t\t\t\t<\/div>\n\t\t\t\t\t<\/div>\n\t\t<\/div>\n\t\t\t\t\t<\/div>\n\t\t<\/section>\n\t\t\t\t<section class=\"elementor-section elementor-top-section elementor-element elementor-element-3d655b1 elementor-section-boxed elementor-section-height-default elementor-section-height-default\" data-id=\"3d655b1\" data-element_type=\"section\" data-e-type=\"section\">\n\t\t\t\t\t\t<div class=\"elementor-container elementor-column-gap-default\">\n\t\t\t\t\t<div class=\"elementor-column elementor-col-100 elementor-top-column elementor-element elementor-element-8cbf7f3\" data-id=\"8cbf7f3\" data-element_type=\"column\" data-e-type=\"column\">\n\t\t\t<div class=\"elementor-widget-wrap elementor-element-populated\">\n\t\t\t\t\t\t<div class=\"elementor-element elementor-element-fab1326 elementor-widget elementor-widget-heading\" data-id=\"fab1326\" data-element_type=\"widget\" data-e-type=\"widget\" data-widget_type=\"heading.default\">\n\t\t\t\t<div class=\"elementor-widget-container\">\n\t\t\t\t\t<h2 class=\"elementor-heading-title elementor-size-default\">Natura<\/h2>\t\t\t\t<\/div>\n\t\t\t\t<\/div>\n\t\t\t\t\t<\/div>\n\t\t<\/div>\n\t\t\t\t\t<\/div>\n\t\t<\/section>\n\t\t\t\t<section class=\"elementor-section elementor-top-section elementor-element elementor-element-6a1792a elementor-section-content-top elementor-section-boxed elementor-section-height-default elementor-section-height-default\" data-id=\"6a1792a\" data-element_type=\"section\" data-e-type=\"section\">\n\t\t\t\t\t\t<div class=\"elementor-container elementor-column-gap-wide\">\n\t\t\t\t\t<div class=\"elementor-column elementor-col-33 elementor-top-column elementor-element elementor-element-b1f8c24\" data-id=\"b1f8c24\" data-element_type=\"column\" data-e-type=\"column\">\n\t\t\t<div class=\"elementor-widget-wrap elementor-element-populated\">\n\t\t\t\t\t\t<div class=\"elementor-element elementor-element-995cc41 elementor-widget elementor-widget-image\" data-id=\"995cc41\" data-element_type=\"widget\" data-e-type=\"widget\" data-widget_type=\"image.default\">\n\t\t\t\t<div class=\"elementor-widget-container\">\n\t\t\t\t\t\t\t\t\t\t\t\t\t\t\t<img decoding=\"async\" src=\"http:\/\/hotel.vivmail.cz\/wp-content\/uploads\/2019\/04\/foto-explore-1440x960_0007_sea-caves-of-gargano.jpg\" title=\"\" alt=\"\" loading=\"lazy\" \/>\t\t\t\t\t\t\t\t\t\t\t\t\t\t\t<\/div>\n\t\t\t\t<\/div>\n\t\t\t\t<div class=\"elementor-element elementor-element-1d7e292 elementor-widget elementor-widget-heading\" data-id=\"1d7e292\" data-element_type=\"widget\" data-e-type=\"widget\" data-widget_type=\"heading.default\">\n\t\t\t\t<div class=\"elementor-widget-container\">\n\t\t\t\t\t<h2 class=\"elementor-heading-title elementor-size-default\">Grotte marine<\/h2>\t\t\t\t<\/div>\n\t\t\t\t<\/div>\n\t\t\t\t<div class=\"elementor-element elementor-element-669ba35 elementor-widget elementor-widget-text-editor\" data-id=\"669ba35\" data-element_type=\"widget\" data-e-type=\"widget\" data-widget_type=\"text-editor.default\">\n\t\t\t\t<div class=\"elementor-widget-container\">\n\t\t\t\t\t\t\t\t\t<p>Suggestive insenature scavate nella roccia dal mare e dal tempo, uno spettacolo unico. La maggior parte delle grotte marine del Gargano si estende lungo il tratto costiero tra Peschici e Mattinata, passando per la splendida Vieste, ed \u00e8 raggiungibile solo via mare.<\/p>\t\t\t\t\t\t\t\t<\/div>\n\t\t\t\t<\/div>\n\t\t\t\t\t<\/div>\n\t\t<\/div>\n\t\t\t\t<div class=\"elementor-column elementor-col-33 elementor-top-column elementor-element elementor-element-4b36f3f\" data-id=\"4b36f3f\" data-element_type=\"column\" data-e-type=\"column\">\n\t\t\t<div class=\"elementor-widget-wrap elementor-element-populated\">\n\t\t\t\t\t\t<div class=\"elementor-element elementor-element-bc7f207 elementor-widget elementor-widget-image\" data-id=\"bc7f207\" data-element_type=\"widget\" data-e-type=\"widget\" data-widget_type=\"image.default\">\n\t\t\t\t<div class=\"elementor-widget-container\">\n\t\t\t\t\t\t\t\t\t\t\t\t\t\t\t<img decoding=\"async\" src=\"http:\/\/hotel.vivmail.cz\/wp-content\/uploads\/2019\/04\/foto-explore-1440x960_0005_tremiti.jpg\" title=\"\" alt=\"\" loading=\"lazy\" \/>\t\t\t\t\t\t\t\t\t\t\t\t\t\t\t<\/div>\n\t\t\t\t<\/div>\n\t\t\t\t<div class=\"elementor-element elementor-element-bc93319 elementor-widget elementor-widget-heading\" data-id=\"bc93319\" data-element_type=\"widget\" data-e-type=\"widget\" data-widget_type=\"heading.default\">\n\t\t\t\t<div class=\"elementor-widget-container\">\n\t\t\t\t\t<h2 class=\"elementor-heading-title elementor-size-default\">Isole Tremiti<\/h2>\t\t\t\t<\/div>\n\t\t\t\t<\/div>\n\t\t\t\t<div class=\"elementor-element elementor-element-ab0042c elementor-widget elementor-widget-text-editor\" data-id=\"ab0042c\" data-element_type=\"widget\" data-e-type=\"widget\" data-widget_type=\"text-editor.default\">\n\t\t\t\t<div class=\"elementor-widget-container\">\n\t\t\t\t\t\t\t\t\t<p>Avvolto da un\u2019aura di mistero tra storia e leggenda, l\u2019arcipelago, composto da cinque isole, si estende a 12 miglia dalla costa. Le acque fresche e cristalline, la natura ancora selvaggia e incontaminata, l\u2019aria pura, le bianche falesie a picco sul mare, la mura che contornano la citt\u00e0 vecchia e la tradizione marinara fanno delle Tremiti un angolo ammaliante ed imperdibile del Gargano. Qui Lucio Dalla ha trovato ispirazione per comporre molti dei suoi capolavori.<\/p>\t\t\t\t\t\t\t\t<\/div>\n\t\t\t\t<\/div>\n\t\t\t\t\t<\/div>\n\t\t<\/div>\n\t\t\t\t<div class=\"elementor-column elementor-col-33 elementor-top-column elementor-element elementor-element-c13357c\" data-id=\"c13357c\" data-element_type=\"column\" data-e-type=\"column\">\n\t\t\t<div class=\"elementor-widget-wrap elementor-element-populated\">\n\t\t\t\t\t\t<div class=\"elementor-element elementor-element-77d371e elementor-widget elementor-widget-image\" data-id=\"77d371e\" data-element_type=\"widget\" data-e-type=\"widget\" data-widget_type=\"image.default\">\n\t\t\t\t<div class=\"elementor-widget-container\">\n\t\t\t\t\t\t\t\t\t\t\t\t\t\t\t<img decoding=\"async\" src=\"http:\/\/hotel.vivmail.cz\/wp-content\/uploads\/2019\/04\/foto-explore-1440x960_0001_vignanotica-beach.jpg\" title=\"\" alt=\"\" loading=\"lazy\" \/>\t\t\t\t\t\t\t\t\t\t\t\t\t\t\t<\/div>\n\t\t\t\t<\/div>\n\t\t\t\t<div class=\"elementor-element elementor-element-fb23279 elementor-widget elementor-widget-heading\" data-id=\"fb23279\" data-element_type=\"widget\" data-e-type=\"widget\" data-widget_type=\"heading.default\">\n\t\t\t\t<div class=\"elementor-widget-container\">\n\t\t\t\t\t<h2 class=\"elementor-heading-title elementor-size-default\">Spiaggia di Vignanotica<\/h2>\t\t\t\t<\/div>\n\t\t\t\t<\/div>\n\t\t\t\t<div class=\"elementor-element elementor-element-6c4a1be elementor-widget elementor-widget-text-editor\" data-id=\"6c4a1be\" data-element_type=\"widget\" data-e-type=\"widget\" data-widget_type=\"text-editor.default\">\n\t\t\t\t<div class=\"elementor-widget-container\">\n\t\t\t\t\t\t\t\t\t<p>Tra le pi\u00f9 suggestive spiagge del Gargano, situata tra la riserva faunistica di Santa Tecla e la riserva forestale di Monte Barone, in territorio di Vieste, tra strade tortuose e natura incontaminata. La spiaggia di Vignanotica, con i suoi ciottoli ed il fondale ghiaioso e profondo, \u00e8 nota per l\u2019enorme falesia di roccia calcarea bianca che la domina alle spalle creando ombra per parte dei pomeriggi.<\/p>\t\t\t\t\t\t\t\t<\/div>\n\t\t\t\t<\/div>\n\t\t\t\t\t<\/div>\n\t\t<\/div>\n\t\t\t\t\t<\/div>\n\t\t<\/section>\n\t\t\t\t<section class=\"elementor-section elementor-top-section elementor-element elementor-element-294318f elementor-section-content-top elementor-section-boxed elementor-section-height-default elementor-section-height-default\" data-id=\"294318f\" data-element_type=\"section\" data-e-type=\"section\">\n\t\t\t\t\t\t<div class=\"elementor-container elementor-column-gap-wide\">\n\t\t\t\t\t<div class=\"elementor-column elementor-col-33 elementor-top-column elementor-element elementor-element-d2725b1\" data-id=\"d2725b1\" data-element_type=\"column\" data-e-type=\"column\">\n\t\t\t<div class=\"elementor-widget-wrap elementor-element-populated\">\n\t\t\t\t\t\t<div class=\"elementor-element elementor-element-5713105 elementor-widget elementor-widget-image\" data-id=\"5713105\" data-element_type=\"widget\" data-e-type=\"widget\" data-widget_type=\"image.default\">\n\t\t\t\t<div class=\"elementor-widget-container\">\n\t\t\t\t\t\t\t\t\t\t\t\t\t\t\t<img decoding=\"async\" src=\"http:\/\/hotel.vivmail.cz\/wp-content\/uploads\/2019\/04\/foto-explore-1440x960_0004_umbra-forest.jpg\" title=\"\" alt=\"\" loading=\"lazy\" \/>\t\t\t\t\t\t\t\t\t\t\t\t\t\t\t<\/div>\n\t\t\t\t<\/div>\n\t\t\t\t<div class=\"elementor-element elementor-element-9ea6934 elementor-widget elementor-widget-heading\" data-id=\"9ea6934\" data-element_type=\"widget\" data-e-type=\"widget\" data-widget_type=\"heading.default\">\n\t\t\t\t<div class=\"elementor-widget-container\">\n\t\t\t\t\t<h2 class=\"elementor-heading-title elementor-size-default\">Foresta Umbra<\/h2>\t\t\t\t<\/div>\n\t\t\t\t<\/div>\n\t\t\t\t<div class=\"elementor-element elementor-element-d835e16 elementor-widget elementor-widget-text-editor\" data-id=\"d835e16\" data-element_type=\"widget\" data-e-type=\"widget\" data-widget_type=\"text-editor.default\">\n\t\t\t\t<div class=\"elementor-widget-container\">\n\t\t\t\t\t\t\t\t\t<p>Tappa obbligatoria per gli amanti della natura e del trekking, la millenaria foresta, con i suoi 800 metri di altitudine, \u00e8 il polmone verde del Parco Nazionale del Gargano. Popolata da svariate specie di animali selvatici e volatili e con la sua immensa flora rappresenta un vero e proprio monumento naturalistico della Puglia e del Sud Italia. Da non perdere il lago, la riserva di daini, il museo, l\u2019antica Carbonaia e i molti sentieri immersi nella natura fitta e rigogliosa percorribili a piedi, in mountain bike o a bordodei fuoristrada con le varie compagnie che organizzano escursioni.<\/p>\t\t\t\t\t\t\t\t<\/div>\n\t\t\t\t<\/div>\n\t\t\t\t\t<\/div>\n\t\t<\/div>\n\t\t\t\t<div class=\"elementor-column elementor-col-33 elementor-top-column elementor-element elementor-element-751f29a\" data-id=\"751f29a\" data-element_type=\"column\" data-e-type=\"column\">\n\t\t\t<div class=\"elementor-widget-wrap elementor-element-populated\">\n\t\t\t\t\t\t<div class=\"elementor-element elementor-element-0ddb910 elementor-widget elementor-widget-image\" data-id=\"0ddb910\" data-element_type=\"widget\" data-e-type=\"widget\" data-widget_type=\"image.default\">\n\t\t\t\t<div class=\"elementor-widget-container\">\n\t\t\t\t\t\t\t\t\t\t\t\t\t\t\t<img decoding=\"async\" src=\"http:\/\/hotel.vivmail.cz\/wp-content\/uploads\/2019\/04\/foto-explore-1440x960_0009_pineta-marzini.jpg\" title=\"\" alt=\"\" loading=\"lazy\" \/>\t\t\t\t\t\t\t\t\t\t\t\t\t\t\t<\/div>\n\t\t\t\t<\/div>\n\t\t\t\t<div class=\"elementor-element elementor-element-8af3a3e elementor-widget elementor-widget-heading\" data-id=\"8af3a3e\" data-element_type=\"widget\" data-e-type=\"widget\" data-widget_type=\"heading.default\">\n\t\t\t\t<div class=\"elementor-widget-container\">\n\t\t\t\t\t<h2 class=\"elementor-heading-title elementor-size-default\">Pineta Marzini<\/h2>\t\t\t\t<\/div>\n\t\t\t\t<\/div>\n\t\t\t\t<div class=\"elementor-element elementor-element-2a0ef12 elementor-widget elementor-widget-text-editor\" data-id=\"2a0ef12\" data-element_type=\"widget\" data-e-type=\"widget\" data-widget_type=\"text-editor.default\">\n\t\t\t\t<div class=\"elementor-widget-container\">\n\t\t\t\t\t\t\t\t\t<p>Rigogliosa area boschiva che si estende tra Vico del Gargano e la frazione di San Menaio, la Pineta Marzini, anche detta \u201cDifesa\u201d, \u00e8 un bosco di pini d\u2019Aleppo tra i pi\u00f9 importanti in Italia. In virt\u00f9 delle sue straordinarie caratteristiche morfologiche e genetiche, \u00e8 iscritta dal 1960 nel Libro Nazionale dei boschi da seme e fa parte del Parco Nazionale del Gargano come sito di importanza comunitaria all\u2019interno della rete Natura 2000. Selvaggia e meno calcata dai turisti rispetto ad altri luoghi, con la sua ombrosit\u00e0 e l\u2019aria salubre \u00e8 ideale per rilassanti passeggiate.<\/p>\t\t\t\t\t\t\t\t<\/div>\n\t\t\t\t<\/div>\n\t\t\t\t\t<\/div>\n\t\t<\/div>\n\t\t\t\t<div class=\"elementor-column elementor-col-33 elementor-top-column elementor-element elementor-element-15ae2ce\" data-id=\"15ae2ce\" data-element_type=\"column\" data-e-type=\"column\">\n\t\t\t<div class=\"elementor-widget-wrap elementor-element-populated\">\n\t\t\t\t\t\t<div class=\"elementor-element elementor-element-a0f8624 elementor-widget elementor-widget-image\" data-id=\"a0f8624\" data-element_type=\"widget\" data-e-type=\"widget\" data-widget_type=\"image.default\">\n\t\t\t\t<div class=\"elementor-widget-container\">\n\t\t\t\t\t\t\t\t\t\t\t\t\t\t\t<img decoding=\"async\" src=\"http:\/\/hotel.vivmail.cz\/wp-content\/uploads\/2019\/04\/foto-explore-1440x960_0012_lago-varano.jpg\" title=\"\" alt=\"\" loading=\"lazy\" \/>\t\t\t\t\t\t\t\t\t\t\t\t\t\t\t<\/div>\n\t\t\t\t<\/div>\n\t\t\t\t<div class=\"elementor-element elementor-element-3802932 elementor-widget elementor-widget-heading\" data-id=\"3802932\" data-element_type=\"widget\" data-e-type=\"widget\" data-widget_type=\"heading.default\">\n\t\t\t\t<div class=\"elementor-widget-container\">\n\t\t\t\t\t<h2 class=\"elementor-heading-title elementor-size-default\">Lago di Varano<\/h2>\t\t\t\t<\/div>\n\t\t\t\t<\/div>\n\t\t\t\t<div class=\"elementor-element elementor-element-5177bb6 elementor-widget elementor-widget-text-editor\" data-id=\"5177bb6\" data-element_type=\"widget\" data-e-type=\"widget\" data-widget_type=\"text-editor.default\">\n\t\t\t\t<div class=\"elementor-widget-container\">\n\t\t\t\t\t\t\t\t\t<p>Suddiviso tra i comuni di Cagnano Varano, Ischitella e Carpino (citt\u00e0 dell\u2019olio e sede dell\u2019ormai storico Carpino Folk Festival), il Lago di Varano \u00e8 il lago costiero pi\u00f9 grande d\u2019Italia. Al centro di svariate leggende e famoso per la pesca delle anguille e dei mitili e per il numero di specie acquatiche che vi vivono come anatre, fenicotteri, aironi e cormorani, \u00e8 un vero e proprio angolo di paradiso. Ogni giorno numerosi pescatori locali con le loro tipiche imbarcazioni dette \u201csandali\u201d animano il silenzioso e spettrale panorama lacustre, contornato da ulivi secolari.<\/p>\t\t\t\t\t\t\t\t<\/div>\n\t\t\t\t<\/div>\n\t\t\t\t\t<\/div>\n\t\t<\/div>\n\t\t\t\t\t<\/div>\n\t\t<\/section>\n\t\t\t\t<section class=\"elementor-section elementor-top-section elementor-element elementor-element-acd91ba elementor-section-content-top elementor-section-boxed elementor-section-height-default elementor-section-height-default\" data-id=\"acd91ba\" data-element_type=\"section\" data-e-type=\"section\">\n\t\t\t\t\t\t<div class=\"elementor-container elementor-column-gap-wide\">\n\t\t\t\t\t<div class=\"elementor-column elementor-col-33 elementor-top-column elementor-element elementor-element-7fb880d\" data-id=\"7fb880d\" data-element_type=\"column\" data-e-type=\"column\">\n\t\t\t<div class=\"elementor-widget-wrap elementor-element-populated\">\n\t\t\t\t\t\t<div class=\"elementor-element elementor-element-bd86622 elementor-widget elementor-widget-image\" data-id=\"bd86622\" data-element_type=\"widget\" data-e-type=\"widget\" data-widget_type=\"image.default\">\n\t\t\t\t<div class=\"elementor-widget-container\">\n\t\t\t\t\t\t\t\t\t\t\t\t\t\t\t<img decoding=\"async\" src=\"http:\/\/hotel.vivmail.cz\/wp-content\/uploads\/2019\/04\/foto-explore-1440x960_0013_lago-lesina.jpg\" title=\"\" alt=\"\" loading=\"lazy\" \/>\t\t\t\t\t\t\t\t\t\t\t\t\t\t\t<\/div>\n\t\t\t\t<\/div>\n\t\t\t\t<div class=\"elementor-element elementor-element-d0c336e elementor-widget elementor-widget-heading\" data-id=\"d0c336e\" data-element_type=\"widget\" data-e-type=\"widget\" data-widget_type=\"heading.default\">\n\t\t\t\t<div class=\"elementor-widget-container\">\n\t\t\t\t\t<h2 class=\"elementor-heading-title elementor-size-default\">Lago di Lesina<\/h2>\t\t\t\t<\/div>\n\t\t\t\t<\/div>\n\t\t\t\t<div class=\"elementor-element elementor-element-840c72d elementor-widget elementor-widget-text-editor\" data-id=\"840c72d\" data-element_type=\"widget\" data-e-type=\"widget\" data-widget_type=\"text-editor.default\">\n\t\t\t\t<div class=\"elementor-widget-container\">\n\t\t\t\t\t\t\t\t\t<p>Suggestivo lago salato lungo pi\u00f9 di 20 km, si estende tra Lesina, Poggio Imperiale, Apricena, Serracapriola e San Paolo di Civitate e rappresenta il secondo bacino lacustre dell\u2019Italia meridionale. Separato dal Mar Adriatico da una striscia sabbiosa e boscosa nota come Bosco Isola, \u00e8 teatro di un\u2019intensa attivit\u00e0 di pesca grazie alla presenza di latterini, cefali, gamberi, orate, spigole e anguille e di birdwatching: qui infatti nidificano numerose specie ornitologiche quali gabbiani rosei, fenicotteri, martin pescatore e falchi di palude.<\/p>\t\t\t\t\t\t\t\t<\/div>\n\t\t\t\t<\/div>\n\t\t\t\t\t<\/div>\n\t\t<\/div>\n\t\t\t\t<div class=\"elementor-column elementor-col-33 elementor-top-column elementor-element elementor-element-6123bea\" data-id=\"6123bea\" data-element_type=\"column\" data-e-type=\"column\">\n\t\t\t<div class=\"elementor-widget-wrap elementor-element-populated\">\n\t\t\t\t\t\t<div class=\"elementor-element elementor-element-a973277 elementor-widget elementor-widget-image\" data-id=\"a973277\" data-element_type=\"widget\" data-e-type=\"widget\" data-widget_type=\"image.default\">\n\t\t\t\t<div class=\"elementor-widget-container\">\n\t\t\t\t\t\t\t\t\t\t\t\t\t\t\t<img decoding=\"async\" src=\"http:\/\/hotel.vivmail.cz\/wp-content\/uploads\/2019\/04\/foto-explore-1440x960_0000_villages.jpg\" title=\"\" alt=\"\" loading=\"lazy\" \/>\t\t\t\t\t\t\t\t\t\t\t\t\t\t\t<\/div>\n\t\t\t\t<\/div>\n\t\t\t\t<div class=\"elementor-element elementor-element-0c676e7 elementor-widget elementor-widget-heading\" data-id=\"0c676e7\" data-element_type=\"widget\" data-e-type=\"widget\" data-widget_type=\"heading.default\">\n\t\t\t\t<div class=\"elementor-widget-container\">\n\t\t\t\t\t<h2 class=\"elementor-heading-title elementor-size-default\">Borghi e centri storici<\/h2>\t\t\t\t<\/div>\n\t\t\t\t<\/div>\n\t\t\t\t<div class=\"elementor-element elementor-element-8182bbb elementor-widget elementor-widget-text-editor\" data-id=\"8182bbb\" data-element_type=\"widget\" data-e-type=\"widget\" data-widget_type=\"text-editor.default\">\n\t\t\t\t<div class=\"elementor-widget-container\">\n\t\t\t\t\t\t\t\t\t<p>Rigogliosa area boschiva che si estende tra Vico del Gargano e la frazione di San Menaio, la Pineta Marzini, anche detta \u201cDifesa\u201d, \u00e8 un bosco di pini d\u2019Aleppo tra i pi\u00f9 importanti in Italia. In virt\u00f9 delle sue straordinarie caratteristiche morfologiche e genetiche, \u00e8 iscritta dal 1960 nel Libro Nazionale dei boschi da seme e fa parte del Parco Nazionale del Gargano come sito di importanza comunitaria all\u2019interno della rete Natura 2000. Selvaggia e meno calcata dai turisti rispetto ad altri luoghi, con la sua ombrosit\u00e0 e l\u2019aria salubre \u00e8 ideale per rilassanti passeggiate.<\/p>\t\t\t\t\t\t\t\t<\/div>\n\t\t\t\t<\/div>\n\t\t\t\t\t<\/div>\n\t\t<\/div>\n\t\t\t\t<div class=\"elementor-column elementor-col-33 elementor-top-column elementor-element elementor-element-d72f807\" data-id=\"d72f807\" data-element_type=\"column\" data-e-type=\"column\">\n\t\t\t<div class=\"elementor-widget-wrap elementor-element-populated\">\n\t\t\t\t\t\t<div class=\"elementor-element elementor-element-6c06767 elementor-widget elementor-widget-image\" data-id=\"6c06767\" data-element_type=\"widget\" data-e-type=\"widget\" data-widget_type=\"image.default\">\n\t\t\t\t<div class=\"elementor-widget-container\">\n\t\t\t\t\t\t\t\t\t\t\t\t\t\t\t<img decoding=\"async\" src=\"http:\/\/hotel.vivmail.cz\/wp-content\/uploads\/2019\/04\/foto-explore-1440x960_0006_trabuchci.jpg\" title=\"\" alt=\"\" loading=\"lazy\" \/>\t\t\t\t\t\t\t\t\t\t\t\t\t\t\t<\/div>\n\t\t\t\t<\/div>\n\t\t\t\t<div class=\"elementor-element elementor-element-0ec2591 elementor-widget elementor-widget-heading\" data-id=\"0ec2591\" data-element_type=\"widget\" data-e-type=\"widget\" data-widget_type=\"heading.default\">\n\t\t\t\t<div class=\"elementor-widget-container\">\n\t\t\t\t\t<h2 class=\"elementor-heading-title elementor-size-default\">I Trabucchi \u2013 tra natura, storia e tradizioni locali<\/h2>\t\t\t\t<\/div>\n\t\t\t\t<\/div>\n\t\t\t\t<div class=\"elementor-element elementor-element-c085f64 elementor-widget elementor-widget-text-editor\" data-id=\"c085f64\" data-element_type=\"widget\" data-e-type=\"widget\" data-widget_type=\"text-editor.default\">\n\t\t\t\t<div class=\"elementor-widget-container\">\n\t\t\t\t\t\t\t\t\t<p>Diffusissimi lungo la costa tra Peschici e Vieste, i trabucchi sono rudimentali e atipiche strutture in legno nate nell\u2019antichit\u00e0 come strumenti di pesca e punti di riparo dall\u2019impeto del mare. Simbolo della tradizione marinara garganica, sono divenuti oggi il soggetto preferito di artisti e artigiani del luogo oltre che importanti attivit\u00e0 commerciali. In diversi casi infatti \u00e8 possibile sostare, mangiare e bere presso i tipici ristorantini nati su queste affascinanti piattaforme sospese tra la roccia e il mare, teatro di incantevoli tramonti.<\/p>\t\t\t\t\t\t\t\t<\/div>\n\t\t\t\t<\/div>\n\t\t\t\t\t<\/div>\n\t\t<\/div>\n\t\t\t\t\t<\/div>\n\t\t<\/section>\n\t\t\t\t<section class=\"elementor-section elementor-top-section elementor-element elementor-element-33abee7 elementor-section-boxed elementor-section-height-default elementor-section-height-default\" data-id=\"33abee7\" data-element_type=\"section\" data-e-type=\"section\">\n\t\t\t\t\t\t<div class=\"elementor-container elementor-column-gap-default\">\n\t\t\t\t\t<div class=\"elementor-column elementor-col-100 elementor-top-column elementor-element elementor-element-4585f46\" data-id=\"4585f46\" data-element_type=\"column\" data-e-type=\"column\">\n\t\t\t<div class=\"elementor-widget-wrap elementor-element-populated\">\n\t\t\t\t\t\t<div class=\"elementor-element elementor-element-eccd961 elementor-widget-divider--view-line elementor-widget elementor-widget-divider\" data-id=\"eccd961\" data-element_type=\"widget\" data-e-type=\"widget\" data-widget_type=\"divider.default\">\n\t\t\t\t<div class=\"elementor-widget-container\">\n\t\t\t\t\t\t\t<div class=\"elementor-divider\">\n\t\t\t<span class=\"elementor-divider-separator\">\n\t\t\t\t\t\t<\/span>\n\t\t<\/div>\n\t\t\t\t\t\t<\/div>\n\t\t\t\t<\/div>\n\t\t\t\t<div class=\"elementor-element elementor-element-4c67cc9 elementor-widget elementor-widget-heading\" data-id=\"4c67cc9\" data-element_type=\"widget\" data-e-type=\"widget\" data-widget_type=\"heading.default\">\n\t\t\t\t<div class=\"elementor-widget-container\">\n\t\t\t\t\t<h2 class=\"elementor-heading-title elementor-size-default\">Borghi e centri storici<\/h2>\t\t\t\t<\/div>\n\t\t\t\t<\/div>\n\t\t\t\t<div class=\"elementor-element elementor-element-3698a7b elementor-widget elementor-widget-text-editor\" data-id=\"3698a7b\" data-element_type=\"widget\" data-e-type=\"widget\" data-widget_type=\"text-editor.default\">\n\t\t\t\t<div class=\"elementor-widget-container\">\n\t\t\t\t\t\t\t\t\tNei piccoli borghi del promontorio ancora oggi si vive la tradizione.\n\nSi passeggia lentamente per le viuzze dei centri storici ascoltando la gente locale che parla i vari dialetti, diversi in ogni luogo, e assaporando i profumi del cibo provenire dalle case sin dalle prime ore del mattino.\n\nCi sono poi i mercati rionali, le piccole botteghe di quartiere con le loro tipicit\u00e0 locali dal sapore autentico, gli agricoltori che ancora raggiungono le proprie terre con il mulo, i piccoli artigiani che tengono viva storia di questa terra.\t\t\t\t\t\t\t\t<\/div>\n\t\t\t\t<\/div>\n\t\t\t\t\t<\/div>\n\t\t<\/div>\n\t\t\t\t\t<\/div>\n\t\t<\/section>\n\t\t\t\t<section class=\"elementor-section elementor-top-section elementor-element elementor-element-3fde4c7 elementor-section-content-top elementor-section-boxed elementor-section-height-default elementor-section-height-default\" data-id=\"3fde4c7\" data-element_type=\"section\" data-e-type=\"section\">\n\t\t\t\t\t\t<div class=\"elementor-container elementor-column-gap-wide\">\n\t\t\t\t\t<div class=\"elementor-column elementor-col-33 elementor-top-column elementor-element elementor-element-cd8e155\" data-id=\"cd8e155\" data-element_type=\"column\" data-e-type=\"column\">\n\t\t\t<div class=\"elementor-widget-wrap elementor-element-populated\">\n\t\t\t\t\t\t<div class=\"elementor-element elementor-element-6e17f64 elementor-widget elementor-widget-image\" data-id=\"6e17f64\" data-element_type=\"widget\" data-e-type=\"widget\" data-widget_type=\"image.default\">\n\t\t\t\t<div class=\"elementor-widget-container\">\n\t\t\t\t\t\t\t\t\t\t\t\t\t\t\t<img decoding=\"async\" src=\"http:\/\/hotel.vivmail.cz\/wp-content\/uploads\/2019\/04\/foto-explore-1440x960_0003_vico-del-gargano.jpg\" title=\"\" alt=\"\" loading=\"lazy\" \/>\t\t\t\t\t\t\t\t\t\t\t\t\t\t\t<\/div>\n\t\t\t\t<\/div>\n\t\t\t\t<div class=\"elementor-element elementor-element-d4ed8b9 elementor-widget elementor-widget-heading\" data-id=\"d4ed8b9\" data-element_type=\"widget\" data-e-type=\"widget\" data-widget_type=\"heading.default\">\n\t\t\t\t<div class=\"elementor-widget-container\">\n\t\t\t\t\t<h2 class=\"elementor-heading-title elementor-size-default\">Vico del Gargano<\/h2>\t\t\t\t<\/div>\n\t\t\t\t<\/div>\n\t\t\t\t<div class=\"elementor-element elementor-element-f46a6ae elementor-widget elementor-widget-text-editor\" data-id=\"f46a6ae\" data-element_type=\"widget\" data-e-type=\"widget\" data-widget_type=\"text-editor.default\">\n\t\t\t\t<div class=\"elementor-widget-container\">\n\t\t\t\t\t\t\t\t\t<p>Paesino collinare situato a circa 460 metri di altitudine, si estende tra il verde della rigogliosa Foresta Umbra e la frazione costiera di San Menaio. Tra i Borghi pi\u00f9 belli d\u2019Italia, \u00e8 noto per il suo pittoresco centro storico, per gli uliveti che lo circondano, per i suoi agrumi e per essere il paese dell\u2019amore. Rinomata la festivit\u00e0 in onore di San Valentino, Santo Patrono del piccolo borgo, in occasione della quale si tengono importanti eventi per diverse settimane durante il mese di febbraio. Da non perdere i quartieri medievali Terra e Casale, lo storico e raffinato Palazzo della Bella e il Vicolo del Bacio, tappa obbligata per tutti gli innamorati.<\/p>\t\t\t\t\t\t\t\t<\/div>\n\t\t\t\t<\/div>\n\t\t\t\t\t<\/div>\n\t\t<\/div>\n\t\t\t\t<div class=\"elementor-column elementor-col-33 elementor-top-column elementor-element elementor-element-5341579\" data-id=\"5341579\" data-element_type=\"column\" data-e-type=\"column\">\n\t\t\t<div class=\"elementor-widget-wrap elementor-element-populated\">\n\t\t\t\t\t\t<div class=\"elementor-element elementor-element-00cd556 elementor-widget elementor-widget-image\" data-id=\"00cd556\" data-element_type=\"widget\" data-e-type=\"widget\" data-widget_type=\"image.default\">\n\t\t\t\t<div class=\"elementor-widget-container\">\n\t\t\t\t\t\t\t\t\t\t\t\t\t\t\t<img decoding=\"async\" src=\"http:\/\/hotel.vivmail.cz\/wp-content\/uploads\/2019\/04\/foto-explore-1440x960_0010_peschici.jpg\" title=\"\" alt=\"\" loading=\"lazy\" \/>\t\t\t\t\t\t\t\t\t\t\t\t\t\t\t<\/div>\n\t\t\t\t<\/div>\n\t\t\t\t<div class=\"elementor-element elementor-element-3e4372e elementor-widget elementor-widget-heading\" data-id=\"3e4372e\" data-element_type=\"widget\" data-e-type=\"widget\" data-widget_type=\"heading.default\">\n\t\t\t\t<div class=\"elementor-widget-container\">\n\t\t\t\t\t<h2 class=\"elementor-heading-title elementor-size-default\">Peschici<\/h2>\t\t\t\t<\/div>\n\t\t\t\t<\/div>\n\t\t\t\t<div class=\"elementor-element elementor-element-e9adf5a elementor-widget elementor-widget-text-editor\" data-id=\"e9adf5a\" data-element_type=\"widget\" data-e-type=\"widget\" data-widget_type=\"text-editor.default\">\n\t\t\t\t<div class=\"elementor-widget-container\">\n\t\t\t\t\t\t\t\t\t<p>Piccolo e affascinante borgo marinaro, lascia intravedere ancora oggi le sue origini medievali. Abbarbicata sulla roccia, Peschici stupisce per i suoi scorci mozzafiato a picco sul mare e per un centro storico tra i pi\u00f9 pittoreschi del Gargano, animato da tanti piccoli negozi caratteristici dove \u00e8 possibile acquistare prodotti tipici locali e souvenir.<\/p>\t\t\t\t\t\t\t\t<\/div>\n\t\t\t\t<\/div>\n\t\t\t\t\t<\/div>\n\t\t<\/div>\n\t\t\t\t<div class=\"elementor-column elementor-col-33 elementor-top-column elementor-element elementor-element-3141694\" data-id=\"3141694\" data-element_type=\"column\" data-e-type=\"column\">\n\t\t\t<div class=\"elementor-widget-wrap elementor-element-populated\">\n\t\t\t\t\t\t<div class=\"elementor-element elementor-element-989904a elementor-widget elementor-widget-image\" data-id=\"989904a\" data-element_type=\"widget\" data-e-type=\"widget\" data-widget_type=\"image.default\">\n\t\t\t\t<div class=\"elementor-widget-container\">\n\t\t\t\t\t\t\t\t\t\t\t\t\t\t\t<img decoding=\"async\" src=\"http:\/\/hotel.vivmail.cz\/wp-content\/uploads\/2019\/04\/foto-explore-1440x960_0002_vieste.jpg\" title=\"\" alt=\"\" loading=\"lazy\" \/>\t\t\t\t\t\t\t\t\t\t\t\t\t\t\t<\/div>\n\t\t\t\t<\/div>\n\t\t\t\t<div class=\"elementor-element elementor-element-31318a9 elementor-widget elementor-widget-heading\" data-id=\"31318a9\" data-element_type=\"widget\" data-e-type=\"widget\" data-widget_type=\"heading.default\">\n\t\t\t\t<div class=\"elementor-widget-container\">\n\t\t\t\t\t<h2 class=\"elementor-heading-title elementor-size-default\">Vieste<\/h2>\t\t\t\t<\/div>\n\t\t\t\t<\/div>\n\t\t\t\t<div class=\"elementor-element elementor-element-2529a12 elementor-widget elementor-widget-text-editor\" data-id=\"2529a12\" data-element_type=\"widget\" data-e-type=\"widget\" data-widget_type=\"text-editor.default\">\n\t\t\t\t<div class=\"elementor-widget-container\">\n\t\t\t\t\t\t\t\t\t<p>Popolare meta turistica garganica, Vieste \u00e8 la cittadina pi\u00f9 grande e mondana della costa. Nota per le sue ampie e splendide spiagge, per le grotte marine presenti nel suo territorio, per il suo centro storico molto vivo e fertile di attivit\u00e0 commerciali, per le attrazioni storiche e culturali come il castello e la cattedrale e per il leggendario Pizzomunno, il monolite roccioso di circa 25 metri divenuto simbolo della localit\u00e0.<\/p>\t\t\t\t\t\t\t\t<\/div>\n\t\t\t\t<\/div>\n\t\t\t\t\t<\/div>\n\t\t<\/div>\n\t\t\t\t\t<\/div>\n\t\t<\/section>\n\t\t\t\t<section class=\"elementor-section elementor-top-section elementor-element elementor-element-07f6d8e elementor-section-boxed elementor-section-height-default elementor-section-height-default\" data-id=\"07f6d8e\" data-element_type=\"section\" data-e-type=\"section\">\n\t\t\t\t\t\t<div class=\"elementor-container elementor-column-gap-default\">\n\t\t\t\t\t<div class=\"elementor-column elementor-col-100 elementor-top-column elementor-element elementor-element-9d9070d\" data-id=\"9d9070d\" data-element_type=\"column\" data-e-type=\"column\">\n\t\t\t<div class=\"elementor-widget-wrap elementor-element-populated\">\n\t\t\t\t\t\t<div class=\"elementor-element elementor-element-b13c6c5 elementor-widget-divider--view-line elementor-widget elementor-widget-divider\" data-id=\"b13c6c5\" data-element_type=\"widget\" data-e-type=\"widget\" data-widget_type=\"divider.default\">\n\t\t\t\t<div class=\"elementor-widget-container\">\n\t\t\t\t\t\t\t<div class=\"elementor-divider\">\n\t\t\t<span class=\"elementor-divider-separator\">\n\t\t\t\t\t\t<\/span>\n\t\t<\/div>\n\t\t\t\t\t\t<\/div>\n\t\t\t\t<\/div>\n\t\t\t\t<div class=\"elementor-element elementor-element-4c5c288 elementor-widget elementor-widget-heading\" data-id=\"4c5c288\" data-element_type=\"widget\" data-e-type=\"widget\" data-widget_type=\"heading.default\">\n\t\t\t\t<div class=\"elementor-widget-container\">\n\t\t\t\t\t<h2 class=\"elementor-heading-title elementor-size-default\">Luoghi di culto<\/h2>\t\t\t\t<\/div>\n\t\t\t\t<\/div>\n\t\t\t\t<div class=\"elementor-element elementor-element-8e3c625 elementor-widget elementor-widget-text-editor\" data-id=\"8e3c625\" data-element_type=\"widget\" data-e-type=\"widget\" data-widget_type=\"text-editor.default\">\n\t\t\t\t<div class=\"elementor-widget-container\">\n\t\t\t\t\t\t\t\t\t<p style=\"text-align: center;\">Tradition is still alive in the small villages of the foreland. You can walk slowly through the narrow streets of the historic centres, listening to the local people who speak the various dialects, different in every place, and savouring the scents of food coming from the houses in the early hours of the morning. Then there are the local markets, the small neighbourhood shops with their authentic local specialties, the farmers who still reach their land ride on a mule, the small artisans who keep alive the history of this land.<\/p>\t\t\t\t\t\t\t\t<\/div>\n\t\t\t\t<\/div>\n\t\t\t\t\t<\/div>\n\t\t<\/div>\n\t\t\t\t\t<\/div>\n\t\t<\/section>\n\t\t\t\t<section class=\"elementor-section elementor-top-section elementor-element elementor-element-4c09469 elementor-section-content-top elementor-section-boxed elementor-section-height-default elementor-section-height-default\" data-id=\"4c09469\" data-element_type=\"section\" data-e-type=\"section\">\n\t\t\t\t\t\t<div class=\"elementor-container elementor-column-gap-wide\">\n\t\t\t\t\t<div class=\"elementor-column elementor-col-50 elementor-top-column elementor-element elementor-element-c80841b\" data-id=\"c80841b\" data-element_type=\"column\" data-e-type=\"column\">\n\t\t\t<div class=\"elementor-widget-wrap elementor-element-populated\">\n\t\t\t\t\t\t<div class=\"elementor-element elementor-element-9541d93 elementor-widget elementor-widget-image\" data-id=\"9541d93\" data-element_type=\"widget\" data-e-type=\"widget\" data-widget_type=\"image.default\">\n\t\t\t\t<div class=\"elementor-widget-container\">\n\t\t\t\t\t\t\t\t\t\t\t\t\t\t\t<img decoding=\"async\" src=\"http:\/\/hotel.vivmail.cz\/wp-content\/uploads\/2019\/04\/foto-explore-1440x960_0008_san-giovanni-rotondo.jpg\" title=\"\" alt=\"\" loading=\"lazy\" \/>\t\t\t\t\t\t\t\t\t\t\t\t\t\t\t<\/div>\n\t\t\t\t<\/div>\n\t\t\t\t<div class=\"elementor-element elementor-element-bb1cfa1 elementor-widget elementor-widget-heading\" data-id=\"bb1cfa1\" data-element_type=\"widget\" data-e-type=\"widget\" data-widget_type=\"heading.default\">\n\t\t\t\t<div class=\"elementor-widget-container\">\n\t\t\t\t\t<h2 class=\"elementor-heading-title elementor-size-default\">San Giovanni Rotondo<\/h2>\t\t\t\t<\/div>\n\t\t\t\t<\/div>\n\t\t\t\t<div class=\"elementor-element elementor-element-1ec11e0 elementor-widget elementor-widget-text-editor\" data-id=\"1ec11e0\" data-element_type=\"widget\" data-e-type=\"widget\" data-widget_type=\"text-editor.default\">\n\t\t\t\t<div class=\"elementor-widget-container\">\n\t\t\t\t\t\t\t\t\t<p>Nel cuore del Parco Nazionale del Gargano e immersa tra meravigliosi scorci di natura, San Giovanni Rotondo \u00e8 una cittadina del promontorio garganico caratteristica per gli scorci e la sua rete di stretti vicoletti della zona storica. Nota per essere stata per circa 50 anni la citt\u00e0 del monaco cappuccino Padre Pio da Pietralcina, oggi ne custodisce gelosamente le spoglie ed \u00e8 visitata ogni anno da moltissimi turisti di tutto il mondo che vengono a rendere omaggio al Santo.<\/p>\t\t\t\t\t\t\t\t<\/div>\n\t\t\t\t<\/div>\n\t\t\t\t\t<\/div>\n\t\t<\/div>\n\t\t\t\t<div class=\"elementor-column elementor-col-50 elementor-top-column elementor-element elementor-element-d58afc9\" data-id=\"d58afc9\" data-element_type=\"column\" data-e-type=\"column\">\n\t\t\t<div class=\"elementor-widget-wrap elementor-element-populated\">\n\t\t\t\t\t\t<div class=\"elementor-element elementor-element-60fe675 elementor-widget elementor-widget-image\" data-id=\"60fe675\" data-element_type=\"widget\" data-e-type=\"widget\" data-widget_type=\"image.default\">\n\t\t\t\t<div class=\"elementor-widget-container\">\n\t\t\t\t\t\t\t\t\t\t\t\t\t\t\t<img decoding=\"async\" src=\"http:\/\/hotel.vivmail.cz\/wp-content\/uploads\/2019\/04\/foto-explore-1440x960_0011_monte-sant-angelo.jpg\" title=\"\" alt=\"\" loading=\"lazy\" \/>\t\t\t\t\t\t\t\t\t\t\t\t\t\t\t<\/div>\n\t\t\t\t<\/div>\n\t\t\t\t<div class=\"elementor-element elementor-element-a00be7e elementor-widget elementor-widget-heading\" data-id=\"a00be7e\" data-element_type=\"widget\" data-e-type=\"widget\" data-widget_type=\"heading.default\">\n\t\t\t\t<div class=\"elementor-widget-container\">\n\t\t\t\t\t<h2 class=\"elementor-heading-title elementor-size-default\">Monte Sant\u2019Angelo<\/h2>\t\t\t\t<\/div>\n\t\t\t\t<\/div>\n\t\t\t\t<div class=\"elementor-element elementor-element-f7442b0 elementor-widget elementor-widget-text-editor\" data-id=\"f7442b0\" data-element_type=\"widget\" data-e-type=\"widget\" data-widget_type=\"text-editor.default\">\n\t\t\t\t<div class=\"elementor-widget-container\">\n\t\t\t\t\t\t\t\t\t<p>Il centro abitato pi\u00f9 elevato del Gargano, sorge a quasi 850 metri di altitudine e gode di un mirabile panorama sulla parte meridionale del promontorio garganico e sul golfo di Manfredonia. Famosa per essere da oltre quindici secoli meta di pellegrinaggi micaelici, \u00e8 oggi Patrimonio UNESCO e accoglie visitatori da ogni parte del mondo grazie al celebre Santuario di San Michele Arcangelo. Una storia antica, spirituale e architettonica che incanta chiunque vi giunga.<\/p>\t\t\t\t\t\t\t\t<\/div>\n\t\t\t\t<\/div>\n\t\t\t\t\t<\/div>\n\t\t<\/div>\n\t\t\t\t\t<\/div>\n\t\t<\/section>\n\t\t\t\t<section class=\"elementor-section elementor-top-section elementor-element elementor-element-65c4c1e elementor-section-boxed elementor-section-height-default elementor-section-height-default\" data-id=\"65c4c1e\" data-element_type=\"section\" data-e-type=\"section\">\n\t\t\t\t\t\t<div class=\"elementor-container elementor-column-gap-default\">\n\t\t\t\t\t<div class=\"elementor-column elementor-col-100 elementor-top-column elementor-element elementor-element-57510e2\" data-id=\"57510e2\" data-element_type=\"column\" data-e-type=\"column\">\n\t\t\t<div class=\"elementor-widget-wrap elementor-element-populated\">\n\t\t\t\t\t\t<div class=\"elementor-element elementor-element-dd517fd elementor-widget-divider--view-line elementor-widget elementor-widget-divider\" data-id=\"dd517fd\" data-element_type=\"widget\" data-e-type=\"widget\" data-widget_type=\"divider.default\">\n\t\t\t\t<div class=\"elementor-widget-container\">\n\t\t\t\t\t\t\t<div class=\"elementor-divider\">\n\t\t\t<span class=\"elementor-divider-separator\">\n\t\t\t\t\t\t<\/span>\n\t\t<\/div>\n\t\t\t\t\t\t<\/div>\n\t\t\t\t<\/div>\n\t\t\t\t<div class=\"elementor-element elementor-element-89d7fbf elementor-widget elementor-widget-heading\" data-id=\"89d7fbf\" data-element_type=\"widget\" data-e-type=\"widget\" data-widget_type=\"heading.default\">\n\t\t\t\t<div class=\"elementor-widget-container\">\n\t\t\t\t\t<h2 class=\"elementor-heading-title elementor-size-default\">I nostri tour<\/h2>\t\t\t\t<\/div>\n\t\t\t\t<\/div>\n\t\t\t\t<div class=\"elementor-element elementor-element-d18b244 elementor-widget elementor-widget-text-editor\" data-id=\"d18b244\" data-element_type=\"widget\" data-e-type=\"widget\" data-widget_type=\"text-editor.default\">\n\t\t\t\t<div class=\"elementor-widget-container\">\n\t\t\t\t\t\t\t\t\t<p style=\"text-align: center;\">Grazie all\u2019assistenza della preziosissima Romana, l\u2019Hotel Residence Marechiaro organizza per te i tour presso le principali attrazioni presenti sul territorio. Tra i principali:<\/p>\t\t\t\t\t\t\t\t<\/div>\n\t\t\t\t<\/div>\n\t\t\t\t\t<\/div>\n\t\t<\/div>\n\t\t\t\t\t<\/div>\n\t\t<\/section>\n\t\t\t\t<section class=\"elementor-section elementor-top-section elementor-element elementor-element-c8adacc elementor-section-content-top elementor-section-boxed elementor-section-height-default elementor-section-height-default\" data-id=\"c8adacc\" data-element_type=\"section\" data-e-type=\"section\">\n\t\t\t\t\t\t<div class=\"elementor-container elementor-column-gap-wide\">\n\t\t\t\t\t<div class=\"elementor-column elementor-col-16 elementor-top-column elementor-element elementor-element-052a228\" data-id=\"052a228\" data-element_type=\"column\" data-e-type=\"column\">\n\t\t\t<div class=\"elementor-widget-wrap elementor-element-populated\">\n\t\t\t\t\t\t<div class=\"elementor-element elementor-element-af088cb elementor-widget elementor-widget-image\" data-id=\"af088cb\" data-element_type=\"widget\" data-e-type=\"widget\" data-widget_type=\"image.default\">\n\t\t\t\t<div class=\"elementor-widget-container\">\n\t\t\t\t\t\t\t\t\t\t\t\t\t\t\t<img decoding=\"async\" src=\"http:\/\/hotel.vivmail.cz\/wp-content\/uploads\/2018\/10\/palm-1.png\" title=\"\" alt=\"\" loading=\"lazy\" \/>\t\t\t\t\t\t\t\t\t\t\t\t\t\t\t<\/div>\n\t\t\t\t<\/div>\n\t\t\t\t<div class=\"elementor-element elementor-element-504e748 elementor-widget elementor-widget-text-editor\" data-id=\"504e748\" data-element_type=\"widget\" data-e-type=\"widget\" data-widget_type=\"text-editor.default\">\n\t\t\t\t<div class=\"elementor-widget-container\">\n\t\t\t\t\t\t\t\t\t<p style=\"text-align: center;\"><strong>Escursione in motonave presso l\u2019arcipelago delle Isole Tremiti<\/strong><\/p><p style=\"text-align: center;\"><strong>\u00a0<\/strong><\/p>\t\t\t\t\t\t\t\t<\/div>\n\t\t\t\t<\/div>\n\t\t\t\t\t<\/div>\n\t\t<\/div>\n\t\t\t\t<div class=\"elementor-column elementor-col-16 elementor-top-column elementor-element elementor-element-3467100\" data-id=\"3467100\" data-element_type=\"column\" data-e-type=\"column\">\n\t\t\t<div class=\"elementor-widget-wrap elementor-element-populated\">\n\t\t\t\t\t\t<div class=\"elementor-element elementor-element-b24386e elementor-widget elementor-widget-image\" data-id=\"b24386e\" data-element_type=\"widget\" data-e-type=\"widget\" data-widget_type=\"image.default\">\n\t\t\t\t<div class=\"elementor-widget-container\">\n\t\t\t\t\t\t\t\t\t\t\t\t\t\t\t<img decoding=\"async\" src=\"http:\/\/hotel.vivmail.cz\/wp-content\/uploads\/2018\/10\/cave-1.png\" title=\"\" alt=\"\" loading=\"lazy\" \/>\t\t\t\t\t\t\t\t\t\t\t\t\t\t\t<\/div>\n\t\t\t\t<\/div>\n\t\t\t\t<div class=\"elementor-element elementor-element-f0323a4 elementor-widget elementor-widget-text-editor\" data-id=\"f0323a4\" data-element_type=\"widget\" data-e-type=\"widget\" data-widget_type=\"text-editor.default\">\n\t\t\t\t<div class=\"elementor-widget-container\">\n\t\t\t\t\t\t\t\t\t<p style=\"text-align: center;\"><strong>Visita in motoscafo alle grotte marine con esplorazione delle stesse dall\u2019interno<\/strong><\/p><p style=\"text-align: center;\"><strong>\u00a0<\/strong><\/p>\t\t\t\t\t\t\t\t<\/div>\n\t\t\t\t<\/div>\n\t\t\t\t\t<\/div>\n\t\t<\/div>\n\t\t\t\t<div class=\"elementor-column elementor-col-16 elementor-top-column elementor-element elementor-element-5b8d857\" data-id=\"5b8d857\" data-element_type=\"column\" data-e-type=\"column\">\n\t\t\t<div class=\"elementor-widget-wrap elementor-element-populated\">\n\t\t\t\t\t\t<div class=\"elementor-element elementor-element-447b86a elementor-widget elementor-widget-image\" data-id=\"447b86a\" data-element_type=\"widget\" data-e-type=\"widget\" data-widget_type=\"image.default\">\n\t\t\t\t<div class=\"elementor-widget-container\">\n\t\t\t\t\t\t\t\t\t\t\t\t\t\t\t<img decoding=\"async\" src=\"http:\/\/hotel.vivmail.cz\/wp-content\/uploads\/2018\/10\/umbra.png\" title=\"\" alt=\"\" loading=\"lazy\" \/>\t\t\t\t\t\t\t\t\t\t\t\t\t\t\t<\/div>\n\t\t\t\t<\/div>\n\t\t\t\t<div class=\"elementor-element elementor-element-46abbb5 elementor-widget elementor-widget-text-editor\" data-id=\"46abbb5\" data-element_type=\"widget\" data-e-type=\"widget\" data-widget_type=\"text-editor.default\">\n\t\t\t\t<div class=\"elementor-widget-container\">\n\t\t\t\t\t\t\t\t\t<p style=\"text-align: center;\"><strong>Foresta Umbra \u2013 Escursioni in fuoristrada nel cuore del Parco Nazionale <\/strong><\/p><p style=\"text-align: center;\"><strong>\u00a0<\/strong><\/p>\t\t\t\t\t\t\t\t<\/div>\n\t\t\t\t<\/div>\n\t\t\t\t\t<\/div>\n\t\t<\/div>\n\t\t\t\t<div class=\"elementor-column elementor-col-16 elementor-top-column elementor-element elementor-element-726efc8\" data-id=\"726efc8\" data-element_type=\"column\" data-e-type=\"column\">\n\t\t\t<div class=\"elementor-widget-wrap elementor-element-populated\">\n\t\t\t\t\t\t<div class=\"elementor-element elementor-element-afa5a06 elementor-widget elementor-widget-image\" data-id=\"afa5a06\" data-element_type=\"widget\" data-e-type=\"widget\" data-widget_type=\"image.default\">\n\t\t\t\t<div class=\"elementor-widget-container\">\n\t\t\t\t\t\t\t\t\t\t\t\t\t\t\t<img decoding=\"async\" src=\"http:\/\/hotel.vivmail.cz\/wp-content\/uploads\/2018\/10\/village.png\" title=\"\" alt=\"\" loading=\"lazy\" \/>\t\t\t\t\t\t\t\t\t\t\t\t\t\t\t<\/div>\n\t\t\t\t<\/div>\n\t\t\t\t<div class=\"elementor-element elementor-element-9b29fe9 elementor-widget elementor-widget-text-editor\" data-id=\"9b29fe9\" data-element_type=\"widget\" data-e-type=\"widget\" data-widget_type=\"text-editor.default\">\n\t\t\t\t<div class=\"elementor-widget-container\">\n\t\t\t\t\t\t\t\t\t<p style=\"text-align: center;\"><strong>Visite serali dei principali borghi e centri storici del Gargano<\/strong><\/p><p style=\"text-align: center;\"><strong>\u00a0<\/strong><\/p>\t\t\t\t\t\t\t\t<\/div>\n\t\t\t\t<\/div>\n\t\t\t\t\t<\/div>\n\t\t<\/div>\n\t\t\t\t<div class=\"elementor-column elementor-col-16 elementor-top-column elementor-element elementor-element-9393eff\" data-id=\"9393eff\" data-element_type=\"column\" data-e-type=\"column\">\n\t\t\t<div class=\"elementor-widget-wrap elementor-element-populated\">\n\t\t\t\t\t\t<div class=\"elementor-element elementor-element-f58cb56 elementor-widget elementor-widget-image\" data-id=\"f58cb56\" data-element_type=\"widget\" data-e-type=\"widget\" data-widget_type=\"image.default\">\n\t\t\t\t<div class=\"elementor-widget-container\">\n\t\t\t\t\t\t\t\t\t\t\t\t\t\t\t<img decoding=\"async\" src=\"http:\/\/hotel.vivmail.cz\/wp-content\/uploads\/2018\/10\/market.png\" title=\"\" alt=\"\" loading=\"lazy\" \/>\t\t\t\t\t\t\t\t\t\t\t\t\t\t\t<\/div>\n\t\t\t\t<\/div>\n\t\t\t\t<div class=\"elementor-element elementor-element-7fe3fed elementor-widget elementor-widget-text-editor\" data-id=\"7fe3fed\" data-element_type=\"widget\" data-e-type=\"widget\" data-widget_type=\"text-editor.default\">\n\t\t\t\t<div class=\"elementor-widget-container\">\n\t\t\t\t\t\t\t\t\t<p style=\"text-align: center;\"><strong>Visita diurna ai mercati di paese<\/strong><\/p><p style=\"text-align: center;\"><strong>\u00a0<\/strong><\/p>\t\t\t\t\t\t\t\t<\/div>\n\t\t\t\t<\/div>\n\t\t\t\t\t<\/div>\n\t\t<\/div>\n\t\t\t\t<div class=\"elementor-column elementor-col-16 elementor-top-column elementor-element elementor-element-3e30022\" data-id=\"3e30022\" data-element_type=\"column\" data-e-type=\"column\">\n\t\t\t<div class=\"elementor-widget-wrap elementor-element-populated\">\n\t\t\t\t\t\t<div class=\"elementor-element elementor-element-81a5688 elementor-widget elementor-widget-image\" data-id=\"81a5688\" data-element_type=\"widget\" data-e-type=\"widget\" data-widget_type=\"image.default\">\n\t\t\t\t<div class=\"elementor-widget-container\">\n\t\t\t\t\t\t\t\t\t\t\t\t\t\t\t<img decoding=\"async\" src=\"http:\/\/hotel.vivmail.cz\/wp-content\/uploads\/2018\/10\/church.png\" title=\"\" alt=\"\" loading=\"lazy\" \/>\t\t\t\t\t\t\t\t\t\t\t\t\t\t\t<\/div>\n\t\t\t\t<\/div>\n\t\t\t\t<div class=\"elementor-element elementor-element-92a491d elementor-widget elementor-widget-text-editor\" data-id=\"92a491d\" data-element_type=\"widget\" data-e-type=\"widget\" data-widget_type=\"text-editor.default\">\n\t\t\t\t<div class=\"elementor-widget-container\">\n\t\t\t\t\t\t\t\t\t<p style=\"text-align: center;\"><strong>Tour religioso a San Giovanni Rotondo e Monte Sant\u2019Angelo<\/strong><\/p><p style=\"text-align: center;\"><strong>\u00a0<\/strong><\/p>\t\t\t\t\t\t\t\t<\/div>\n\t\t\t\t<\/div>\n\t\t\t\t\t<\/div>\n\t\t<\/div>\n\t\t\t\t\t<\/div>\n\t\t<\/section>\n\t\t\t\t<section class=\"elementor-section elementor-top-section elementor-element elementor-element-535ad85 elementor-section-boxed elementor-section-height-default elementor-section-height-default\" data-id=\"535ad85\" data-element_type=\"section\" data-e-type=\"section\">\n\t\t\t\t\t\t<div class=\"elementor-container elementor-column-gap-default\">\n\t\t\t\t\t<div class=\"elementor-column elementor-col-100 elementor-top-column elementor-element elementor-element-73743c4\" data-id=\"73743c4\" data-element_type=\"column\" data-e-type=\"column\">\n\t\t\t<div class=\"elementor-widget-wrap elementor-element-populated\">\n\t\t\t\t\t\t<div class=\"elementor-element elementor-element-c180318 elementor-widget elementor-widget-text-editor\" data-id=\"c180318\" data-element_type=\"widget\" data-e-type=\"widget\" data-widget_type=\"text-editor.default\">\n\t\t\t\t<div class=\"elementor-widget-container\">\n\t\t\t\t\t\t\t\t\t<p style=\"text-align: center;\">Su richiesta \u00e8 possibile organizzare qualsiasi altro itinerario in Puglia e non solo, per viaggiatori autonomi o per gruppi.<\/p>\t\t\t\t\t\t\t\t<\/div>\n\t\t\t\t<\/div>\n\t\t\t\t\t<\/div>\n\t\t<\/div>\n\t\t\t\t\t<\/div>\n\t\t<\/section>\n\t\t\t\t<section class=\"elementor-section elementor-top-section elementor-element elementor-element-1451b34 elementor-section-boxed elementor-section-height-default elementor-section-height-default\" data-id=\"1451b34\" data-element_type=\"section\" data-e-type=\"section\">\n\t\t\t\t\t\t<div class=\"elementor-container elementor-column-gap-wide\">\n\t\t\t\t\t<div class=\"elementor-column elementor-col-50 elementor-top-column elementor-element elementor-element-899d97c\" data-id=\"899d97c\" data-element_type=\"column\" data-e-type=\"column\">\n\t\t\t<div class=\"elementor-widget-wrap elementor-element-populated\">\n\t\t\t\t\t\t<div class=\"elementor-element elementor-element-43ef39f elementor-widget elementor-widget-heading\" data-id=\"43ef39f\" data-element_type=\"widget\" data-e-type=\"widget\" data-widget_type=\"heading.default\">\n\t\t\t\t<div class=\"elementor-widget-container\">\n\t\t\t\t\t<h2 class=\"elementor-heading-title elementor-size-default\">Informazioni Generali<\/h2>\t\t\t\t<\/div>\n\t\t\t\t<\/div>\n\t\t\t\t<div class=\"elementor-element elementor-element-1f3c402 elementor-widget elementor-widget-text-editor\" data-id=\"1f3c402\" data-element_type=\"widget\" data-e-type=\"widget\" data-widget_type=\"text-editor.default\">\n\t\t\t\t<div class=\"elementor-widget-container\">\n\t\t\t\t\t\t\t\t\t<p>Tutte le localit\u00e0 descritte sono raggiungibili partendo da San Menaio in auto, moto, con il trasporto pubblico di Ferrovie del Gargano che collega la maggior parte dei paesi della provincia o con le societ\u00e0 private che si occupano di tour ed escursionismo.<\/p><p>Le unicit\u00e0 e le particolarit\u00e0 del nostro territorio lo rendono meno agevole di altri in quanto a viabilit\u00e0, ma le strade offrono molte volte dei panorami mozzafiato che varranno qualche minuto in pi\u00f9 di percorrenza.<\/p><p>Sii prudente, prima di avventurarti tra le tante meraviglie del Gargano chiedi sempre a noi informazioni puntuali per viaggiare in maniera sicura e se puoi usa il trasporto pubblico per te e per l\u2019ambiente!<\/p>\t\t\t\t\t\t\t\t<\/div>\n\t\t\t\t<\/div>\n\t\t\t\t\t<\/div>\n\t\t<\/div>\n\t\t\t\t<div class=\"elementor-column elementor-col-50 elementor-top-column elementor-element elementor-element-bbe86f6\" data-id=\"bbe86f6\" data-element_type=\"column\" data-e-type=\"column\">\n\t\t\t<div class=\"elementor-widget-wrap elementor-element-populated\">\n\t\t\t\t\t\t<div class=\"elementor-element elementor-element-2536c4d elementor-widget elementor-widget-heading\" data-id=\"2536c4d\" data-element_type=\"widget\" data-e-type=\"widget\" data-widget_type=\"heading.default\">\n\t\t\t\t<div class=\"elementor-widget-container\">\n\t\t\t\t\t<h2 class=\"elementor-heading-title elementor-size-default\">I principali percorsi:<\/h2>\t\t\t\t<\/div>\n\t\t\t\t<\/div>\n\t\t\t\t<div class=\"elementor-element elementor-element-58be76c elementor-widget elementor-widget-text-editor\" data-id=\"58be76c\" data-element_type=\"widget\" data-e-type=\"widget\" data-widget_type=\"text-editor.default\">\n\t\t\t\t<div class=\"elementor-widget-container\">\n\t\t\t\t\t\t\t\t\t<ul>\n \t<li><strong>Vico del Gargano<\/strong> &#8211; 7 km (strada interna)<\/li>\n \t<li><strong>Rodi Garganico<\/strong> &#8211; 4 km (via lungomare)<\/li>\n \t<li><strong>Peschici<\/strong> &#8211; 11 km (strada panoramica)<\/li>\n \t<li><strong>Vieste<\/strong> &#8211; 33 km (strada panoramica)<\/li>\n \t<li><strong>Mattinata<\/strong> &#8211; 52 km (strada panoramica)<\/li>\n \t<li><strong>Foresta Umbra<\/strong> &#8211; 25 km (strada boschiva)<\/li>\n \t<li><strong>San Giovanni Rotondo<\/strong> &#8211; 53 km (SSV del Gargano e strada boschiva)<\/li>\n \t<li><strong>Monte Sant&#8217;Angelo<\/strong> &#8211; 57 km (strada boschiva)<\/li>\n \t<li><strong>Lago di Varano<\/strong> &#8211; 21 km (strada interna)<\/li>\n \t<li><strong>Lake of Lesina<\/strong> &#8211; 56 km (SSV del Gargano)<\/li>\n \t<li><strong>Poggio Imperiale Highway<\/strong> &#8211; 63 km (SSV del Gargano)<\/li>\n \t<li><strong>San Severo<\/strong> &#8211; 74 km (SSV del Gargano)<\/li>\n \t<li><strong>Foggia<\/strong> &#8211; 110 km (SSV del Gargano e autostrada)<\/li>\n<\/ul>\t\t\t\t\t\t\t\t<\/div>\n\t\t\t\t<\/div>\n\t\t\t\t\t<\/div>\n\t\t<\/div>\n\t\t\t\t\t<\/div>\n\t\t<\/section>\n\t\t\t\t<\/div>\n\t\t","protected":false},"excerpt":{"rendered":"<p>About Gargano Lo sperone d\u2019Italia, un angolo incontaminato della Puglia che ti lascer\u00e0 senza fiato. Il territorio del Gargano \u00e8 estremamente vario e presenta molteplici attrazioni naturalistiche, storiche, culturali e religiose, unite a uno stile di vita unico. Il Gargano non \u00e8 una semplice vacanza, \u00e8 un\u2019esperienza. Per conoscerlo a fondo non basta viverci, ma [&hellip;]<\/p>\n","protected":false},"author":1,"featured_media":0,"parent":0,"menu_order":0,"comment_status":"closed","ping_status":"closed","template":"","meta":{"om_disable_all_campaigns":false,"_monsterinsights_skip_tracking":false,"_monsterinsights_sitenote_active":false,"_monsterinsights_sitenote_note":"","_monsterinsights_sitenote_category":0,"footnotes":""},"class_list":["post-2165","page","type-page","status-publish","hentry"],"aioseo_notices":[],"_links":{"self":[{"href":"https:\/\/marechiaro.net\/en\/wp-json\/wp\/v2\/pages\/2165","targetHints":{"allow":["GET"]}}],"collection":[{"href":"https:\/\/marechiaro.net\/en\/wp-json\/wp\/v2\/pages"}],"about":[{"href":"https:\/\/marechiaro.net\/en\/wp-json\/wp\/v2\/types\/page"}],"author":[{"embeddable":true,"href":"https:\/\/marechiaro.net\/en\/wp-json\/wp\/v2\/users\/1"}],"replies":[{"embeddable":true,"href":"https:\/\/marechiaro.net\/en\/wp-json\/wp\/v2\/comments?post=2165"}],"version-history":[{"count":1,"href":"https:\/\/marechiaro.net\/en\/wp-json\/wp\/v2\/pages\/2165\/revisions"}],"predecessor-version":[{"id":2879,"href":"https:\/\/marechiaro.net\/en\/wp-json\/wp\/v2\/pages\/2165\/revisions\/2879"}],"wp:attachment":[{"href":"https:\/\/marechiaro.net\/en\/wp-json\/wp\/v2\/media?parent=2165"}],"curies":[{"name":"wp","href":"https:\/\/api.w.org\/{rel}","templated":true}]}}